{"id":2816,"date":"2025-09-25T13:34:00","date_gmt":"2025-09-25T13:34:00","guid":{"rendered":"https:\/\/naymocalor.com\/estufa-pellets\/grecale\/"},"modified":"2025-09-25T13:34:00","modified_gmt":"2025-09-25T13:34:00","slug":"grecale","status":"publish","type":"estufa-pellets","link":"https:\/\/naymocalor.com\/fr\/estufa-pellets\/grecale\/","title":{"rendered":"Grecale"},"content":{"rendered":"<p>Un design industriel pour tous les environnements<\/p>\n<p>Description<br \/>\nLe Dielle Grecale est un po\u00eale \u00e0 pellets \u00e0 air au design sobre et compact, id\u00e9al pour s&rsquo;int\u00e9grer dans tous les environnements et toutes les d\u00e9corations. Sa structure en acier peint et sa porte en acier noir, ainsi que sa chambre de combustion en fonte, garantissent durabilit\u00e9 et efficacit\u00e9. Disponible en trois versions de puissance, il offre un chauffage efficace adapt\u00e9 aux diff\u00e9rents besoins.  <\/p>\n<p>Design contemporain avec vue sur le feu<br \/>\nProfitez d&rsquo;une vue claire et d\u00e9gag\u00e9e sur le feu, apportant chaleur et esth\u00e9tique \u00e0 votre int\u00e9rieur.<\/p>\n<p>Dimensions<\/p>\n<p>Hauteur : 1 010 mm<\/p>\n<p>Largeur : 460 mm<\/p>\n<p>Profondeur : 560 mm<\/p>\n","protected":false},"featured_media":2444,"template":"","categoria-pellets":[112,110],"class_list":["post-2816","estufa-pellets","type-estufa-pellets","status-publish","has-post-thumbnail","hentry","categoria-pellets-dielle-fr","categoria-pellets-gamme-air"],"_links":{"self":[{"href":"https:\/\/naymocalor.com\/fr\/wp-json\/wp\/v2\/estufa-pellets\/2816","targetHints":{"allow":["GET"]}}],"collection":[{"href":"https:\/\/naymocalor.com\/fr\/wp-json\/wp\/v2\/estufa-pellets"}],"about":[{"href":"https:\/\/naymocalor.com\/fr\/wp-json\/wp\/v2\/types\/estufa-pellets"}],"wp:featuredmedia":[{"embeddable":true,"href":"https:\/\/naymocalor.com\/fr\/wp-json\/wp\/v2\/media\/2444"}],"wp:attachment":[{"href":"https:\/\/naymocalor.com\/fr\/wp-json\/wp\/v2\/media?parent=2816"}],"wp:term":[{"taxonomy":"categoria-pellets","embeddable":true,"href":"https:\/\/naymocalor.com\/fr\/wp-json\/wp\/v2\/categoria-pellets?post=2816"}],"curies":[{"name":"wp","href":"https:\/\/api.w.org\/{rel}","templated":true}]}}