{"id":2905,"date":"2025-09-26T08:24:34","date_gmt":"2025-09-26T08:24:34","guid":{"rendered":"https:\/\/naymocalor.com\/estufa-lena\/sense403\/"},"modified":"2025-09-26T08:24:34","modified_gmt":"2025-09-26T08:24:34","slug":"sense403","status":"publish","type":"estufa-lena","link":"https:\/\/naymocalor.com\/fr\/estufa-lena\/sense403\/","title":{"rendered":"SENSE403"},"content":{"rendered":"<p>Un design industriel pour tous les environnements<\/p>\n<p>Description<br \/>\nLa Dovre Sense 403 est une cuisini\u00e8re \u00e0 bois autoportante qui allie design moderne et efficacit\u00e9 \u00e9nerg\u00e9tique. Fabriqu\u00e9e en fonte avec un int\u00e9rieur en vermiculite, elle offre une vue imprenable sur le feu gr\u00e2ce \u00e0 sa grande porte vitr\u00e9e sur trois c\u00f4t\u00e9s. Son syst\u00e8me de double combustion et sa prise d&rsquo;air ext\u00e9rieure am\u00e9liorent l&rsquo;efficacit\u00e9 et r\u00e9duisent les \u00e9missions, ce qui en fait un choix id\u00e9al pour les espaces qui n\u00e9cessitent un chauffage efficace et esth\u00e9tique.  <\/p>\n<p>Design contemporain avec vue sur le feu<br \/>\nProfitez d&rsquo;une vue claire et d\u00e9gag\u00e9e sur le feu, apportant chaleur et esth\u00e9tique \u00e0 votre int\u00e9rieur.<\/p>\n<p>Dimensions<\/p>\n<p>Hauteur : 1 140 mm<\/p>\n<p>Largeur : 555 mm<\/p>\n<p>Profondeur : 440 mm<\/p>\n","protected":false},"featured_media":2717,"template":"","categoria-lena":[142,136],"class_list":["post-2905","estufa-lena","type-estufa-lena","status-publish","has-post-thumbnail","hentry","categoria-lena-dovre-poeles-a-bois","categoria-lena-poeles-a-bois"],"_links":{"self":[{"href":"https:\/\/naymocalor.com\/fr\/wp-json\/wp\/v2\/estufa-lena\/2905","targetHints":{"allow":["GET"]}}],"collection":[{"href":"https:\/\/naymocalor.com\/fr\/wp-json\/wp\/v2\/estufa-lena"}],"about":[{"href":"https:\/\/naymocalor.com\/fr\/wp-json\/wp\/v2\/types\/estufa-lena"}],"wp:featuredmedia":[{"embeddable":true,"href":"https:\/\/naymocalor.com\/fr\/wp-json\/wp\/v2\/media\/2717"}],"wp:attachment":[{"href":"https:\/\/naymocalor.com\/fr\/wp-json\/wp\/v2\/media?parent=2905"}],"wp:term":[{"taxonomy":"categoria-lena","embeddable":true,"href":"https:\/\/naymocalor.com\/fr\/wp-json\/wp\/v2\/categoria-lena?post=2905"}],"curies":[{"name":"wp","href":"https:\/\/api.w.org\/{rel}","templated":true}]}}